{"id":142,"date":"2017-06-17T07:13:50","date_gmt":"2017-06-17T07:13:50","guid":{"rendered":"https:\/\/calamarti.es\/wp\/?page_id=142"},"modified":"2022-02-15T18:05:57","modified_gmt":"2022-02-15T18:05:57","slug":"la-casa","status":"publish","type":"page","link":"https:\/\/calamarti.es\/wp\/?page_id=142","title":{"rendered":"La casa"},"content":{"rendered":"<p><strong>El alojamiento<\/strong> se caracteriza por su luminosidad, mobiliario sobrio y elegante, sin olvidar la funcionalidad y el confort de los espacios.\u00a0Ya desde la entrada se respira un ambiente acogedor, tanto en su interior como en el gran patio exterior privado.<\/p>\n<p>Est\u00e1 ubicada en el centro del pueblo de Pedreguer, en calle amplia y f\u00e1cil aparcamiento. Cuenta con todas las comodidades necesarias sin perder el encanto de una casa t\u00edpica mediterr\u00e1nea: techos altos, maderas nobles y luz natural. El mobiliario es elegante, sobrio pero funcional, ofreciendo estancias acogedoras, atractivas y de recreo.<\/p>\n<p>La planta alta se ha rehabilitado con decoraci\u00f3n m\u00e1s actual, ofreciendo un espacio \u00edntimo, rom\u00e1ntico y de relax.<\/p>\n<p>Est\u00e1 situado a 15 minutos de varias de las mejores playas de la comarca y a 5 de parajes de monta\u00f1a \u00fanicos. Adem\u00e1s hay una extensa oferta de actividades deportivas: golf, deportes acu\u00e1ticos, p\u00e1del.<\/p>\n<p><img loading=\"lazy\" decoding=\"async\" class=\"wp-image-278 alignleft\" src=\"https:\/\/calamarti.es\/wp\/wp-content\/uploads\/2018\/03\/Hotel-Denia-Chamarel-Playa--1024x655.jpg\" alt=\"\" width=\"847\" height=\"541\" srcset=\"https:\/\/calamarti.es\/wp\/wp-content\/uploads\/2018\/03\/Hotel-Denia-Chamarel-Playa--1024x655.jpg 1024w, https:\/\/calamarti.es\/wp\/wp-content\/uploads\/2018\/03\/Hotel-Denia-Chamarel-Playa--768x492.jpg 768w, https:\/\/calamarti.es\/wp\/wp-content\/uploads\/2018\/03\/Hotel-Denia-Chamarel-Playa-.jpg 1250w\" sizes=\"auto, (max-width: 847px) 100vw, 847px\" \/><\/p>\n<p><img loading=\"lazy\" decoding=\"async\" class=\"wp-image-277 alignnone\" src=\"https:\/\/calamarti.es\/wp\/wp-content\/uploads\/2018\/03\/EL-MAR-193-1024x683.jpg\" alt=\"\" width=\"847\" height=\"541\" \/><\/p>\n<p><img loading=\"lazy\" decoding=\"async\" class=\"wp-image-276 aligncenter\" src=\"https:\/\/calamarti.es\/wp\/wp-content\/uploads\/2018\/03\/denia-vela-2016-competicion-windsurf-1024x687.jpg\" alt=\"\" width=\"847\" height=\"541\" \/><\/p>\n<p><img loading=\"lazy\" decoding=\"async\" class=\"alignnone size-medium wp-image-292\" src=\"https:\/\/calamarti.es\/wp\/wp-content\/uploads\/2018\/03\/sierra2-1-1024x768.jpg\" alt=\"\" width=\"1024\" height=\"768\" srcset=\"https:\/\/calamarti.es\/wp\/wp-content\/uploads\/2018\/03\/sierra2-1-1024x768.jpg 1024w, https:\/\/calamarti.es\/wp\/wp-content\/uploads\/2018\/03\/sierra2-1-768x576.jpg 768w\" sizes=\"auto, (max-width: 1024px) 100vw, 1024px\" \/> <img loading=\"lazy\" decoding=\"async\" class=\"alignnone size-medium wp-image-291\" src=\"https:\/\/calamarti.es\/wp\/wp-content\/uploads\/2018\/03\/Montgo-1024x683.jpg\" alt=\"\" width=\"1024\" height=\"683\" srcset=\"https:\/\/calamarti.es\/wp\/wp-content\/uploads\/2018\/03\/Montgo-1024x683.jpg 1024w, https:\/\/calamarti.es\/wp\/wp-content\/uploads\/2018\/03\/Montgo-768x512.jpg 768w, https:\/\/calamarti.es\/wp\/wp-content\/uploads\/2018\/03\/Montgo.jpg 1920w\" sizes=\"auto, (max-width: 1024px) 100vw, 1024px\" \/><\/p>\n<p><img loading=\"lazy\" decoding=\"async\" class=\" wp-image-295 aligncenter\" src=\"https:\/\/calamarti.es\/wp\/wp-content\/uploads\/2018\/03\/UNADJUSTEDNONRAW_thumb_700.jpg\" alt=\"\" width=\"705\" height=\"471\" \/><\/p>\n<p><img loading=\"lazy\" decoding=\"async\" class=\"alignnone size-medium wp-image-293\" src=\"https:\/\/calamarti.es\/wp\/wp-content\/uploads\/2018\/03\/tamariu_tour__kayaking_costa_bravajpg-1024x683.jpeg\" alt=\"\" width=\"1024\" height=\"683\" srcset=\"https:\/\/calamarti.es\/wp\/wp-content\/uploads\/2018\/03\/tamariu_tour__kayaking_costa_bravajpg-1024x683.jpeg 1024w, https:\/\/calamarti.es\/wp\/wp-content\/uploads\/2018\/03\/tamariu_tour__kayaking_costa_bravajpg-768x512.jpeg 768w, https:\/\/calamarti.es\/wp\/wp-content\/uploads\/2018\/03\/tamariu_tour__kayaking_costa_bravajpg.jpeg 1800w\" sizes=\"auto, (max-width: 1024px) 100vw, 1024px\" \/>\u00a0<img loading=\"lazy\" decoding=\"async\" class=\"alignnone size-medium wp-image-288\" src=\"https:\/\/calamarti.es\/wp\/wp-content\/uploads\/2018\/03\/la_sella_golf_7-ok-1024x358.jpg\" alt=\"\" width=\"1024\" height=\"358\" srcset=\"https:\/\/calamarti.es\/wp\/wp-content\/uploads\/2018\/03\/la_sella_golf_7-ok-1024x358.jpg 1024w, https:\/\/calamarti.es\/wp\/wp-content\/uploads\/2018\/03\/la_sella_golf_7-ok-768x269.jpg 768w, https:\/\/calamarti.es\/wp\/wp-content\/uploads\/2018\/03\/la_sella_golf_7-ok.jpg 2000w\" sizes=\"auto, (max-width: 1024px) 100vw, 1024px\" \/><\/p>\n<p><img loading=\"lazy\" decoding=\"async\" class=\"alignnone size-medium wp-image-270\" src=\"https:\/\/calamarti.es\/wp\/wp-content\/uploads\/2018\/03\/3d-1024x576.jpg\" alt=\"\" width=\"1024\" height=\"576\" srcset=\"https:\/\/calamarti.es\/wp\/wp-content\/uploads\/2018\/03\/3d-1024x576.jpg 1024w, https:\/\/calamarti.es\/wp\/wp-content\/uploads\/2018\/03\/3d-768x432.jpg 768w\" sizes=\"auto, (max-width: 1024px) 100vw, 1024px\" \/><\/p>\n<p>La casa est\u00e1 limpia y en un lugar perfecto para unas vacaciones en familia, amigos o en pareja, ofreciendo la posibilidad de disfrutar de la playa y la monta\u00f1a.<\/p>\n<p><strong>Registro Vivienda Tur\u00edstica: VT-459542-A<\/strong><\/p>\n<p><strong>La casa se compone de<\/strong>\u00a0tres habitaciones, 2 ba\u00f1os, hall, sal\u00f3n, comedor, cocina, patio, habitaci\u00f3n de servicio y terraza.<\/p>\n<p>En la <strong>PLANTA BAJA<\/strong> (accesible a personas con movilidad reducida) podemos encontrar:<\/p>\n<p>&#8211; Habitaci\u00f3n con dos camas individuales de 90 y armario vestidor.<\/p>\n<p><img loading=\"lazy\" decoding=\"async\" class=\"wp-image-209 alignnone\" src=\"https:\/\/calamarti.es\/wp\/wp-content\/uploads\/2018\/03\/Hab_2_1-1024x768.jpg\" alt=\"\" width=\"842\" height=\"630\" \/><\/p>\n<p>&#8211; Habitaci\u00f3n con cama de matrimonio de 150 y armario vestidor.<\/p>\n<p><img loading=\"lazy\" decoding=\"async\" class=\"alignnone wp-image-50\" src=\"https:\/\/calamarti.es\/wp\/wp-content\/uploads\/2017\/05\/IMG_2683-300x225.jpg\" alt=\"\" width=\"845\" height=\"634\" srcset=\"https:\/\/calamarti.es\/wp\/wp-content\/uploads\/2017\/05\/IMG_2683-300x225.jpg 300w, https:\/\/calamarti.es\/wp\/wp-content\/uploads\/2017\/05\/IMG_2683-768x576.jpg 768w, https:\/\/calamarti.es\/wp\/wp-content\/uploads\/2017\/05\/IMG_2683-1024x768.jpg 1024w, https:\/\/calamarti.es\/wp\/wp-content\/uploads\/2017\/05\/IMG_2683-1600x1200.jpg 1600w, https:\/\/calamarti.es\/wp\/wp-content\/uploads\/2017\/05\/IMG_2683-780x585.jpg 780w\" sizes=\"auto, (max-width: 845px) 100vw, 845px\" \/><\/p>\n<p>&#8211;\u00a0Cuarto de ba\u00f1o planta principal &#8211; aseo , cabina ducha , Dos lavabos. Cuentan con calefacci\u00f3n y secador de pelo. Se suministran toallas y jab\u00f3n. Disponen de ventana al exterior.<\/p>\n<p><img loading=\"lazy\" decoding=\"async\" class=\"wp-image-194 aligncenter\" src=\"https:\/\/calamarti.es\/wp\/wp-content\/uploads\/2018\/03\/Aseo_1_1-1024x768.jpg\" alt=\"\" width=\"839\" height=\"629\" srcset=\"https:\/\/calamarti.es\/wp\/wp-content\/uploads\/2018\/03\/Aseo_1_1-1024x768.jpg 1024w, https:\/\/calamarti.es\/wp\/wp-content\/uploads\/2018\/03\/Aseo_1_1-768x576.jpg 768w\" sizes=\"auto, (max-width: 839px) 100vw, 839px\" \/><\/p>\n<p>&#8211; Sal\u00f3n confortable con TV, equipo HIFI y juegos de mesa, ideal para una tarde-noche con amigos jugando a las cartas, los dados, etc.<\/p>\n<p><img loading=\"lazy\" decoding=\"async\" class=\"alignnone size-medium wp-image-221\" src=\"https:\/\/calamarti.es\/wp\/wp-content\/uploads\/2018\/03\/Salon_1-1024x655.jpg\" alt=\"\" width=\"1024\" height=\"655\" srcset=\"https:\/\/calamarti.es\/wp\/wp-content\/uploads\/2018\/03\/Salon_1-1024x655.jpg 1024w, https:\/\/calamarti.es\/wp\/wp-content\/uploads\/2018\/03\/Salon_1-768x491.jpg 768w\" sizes=\"auto, (max-width: 1024px) 100vw, 1024px\" \/><\/p>\n<p>&#8211; Comedor amplio para 6 personas con acceso directo a la cocina y al patio.<\/p>\n<p>&#8211; Cocina con despensa completamente equipada incluye menaje, electrodom\u00e9sticos y condimentos b\u00e1sicos.<\/p>\n<p><img loading=\"lazy\" decoding=\"async\" class=\"alignnone size-medium wp-image-199\" src=\"https:\/\/calamarti.es\/wp\/wp-content\/uploads\/2018\/03\/Comedor_2-1024x885.jpg\" alt=\"\" width=\"1024\" height=\"885\" srcset=\"https:\/\/calamarti.es\/wp\/wp-content\/uploads\/2018\/03\/Comedor_2-1024x885.jpg 1024w, https:\/\/calamarti.es\/wp\/wp-content\/uploads\/2018\/03\/Comedor_2-768x664.jpg 768w\" sizes=\"auto, (max-width: 1024px) 100vw, 1024px\" \/><\/p>\n<p>&#8211; Patio amplio, soleado y tranquilo. Con zona cubierta y barbacoa.<\/p>\n<p><img loading=\"lazy\" decoding=\"async\" class=\"alignnone wp-image-405 \" src=\"https:\/\/calamarti.es\/wp\/wp-content\/uploads\/2020\/01\/IMG_0961-1024x768.jpeg\" alt=\"\" width=\"589\" height=\"442\" srcset=\"https:\/\/calamarti.es\/wp\/wp-content\/uploads\/2020\/01\/IMG_0961-1024x768.jpeg 1024w, https:\/\/calamarti.es\/wp\/wp-content\/uploads\/2020\/01\/IMG_0961-768x576.jpeg 768w, https:\/\/calamarti.es\/wp\/wp-content\/uploads\/2020\/01\/IMG_0961-1536x1152.jpeg 1536w, https:\/\/calamarti.es\/wp\/wp-content\/uploads\/2020\/01\/IMG_0961-2048x1536.jpeg 2048w\" sizes=\"auto, (max-width: 589px) 100vw, 589px\" \/><\/p>\n<p><img loading=\"lazy\" decoding=\"async\" class=\"alignnone size-medium wp-image-402\" src=\"https:\/\/calamarti.es\/wp\/wp-content\/uploads\/2020\/01\/51BB0743-523E-48F6-A20E-3CB7DC3FCB27-1024x768.jpg\" alt=\"\" width=\"1024\" height=\"768\" srcset=\"https:\/\/calamarti.es\/wp\/wp-content\/uploads\/2020\/01\/51BB0743-523E-48F6-A20E-3CB7DC3FCB27-1024x768.jpg 1024w, https:\/\/calamarti.es\/wp\/wp-content\/uploads\/2020\/01\/51BB0743-523E-48F6-A20E-3CB7DC3FCB27-768x576.jpg 768w, https:\/\/calamarti.es\/wp\/wp-content\/uploads\/2020\/01\/51BB0743-523E-48F6-A20E-3CB7DC3FCB27-1536x1152.jpg 1536w, https:\/\/calamarti.es\/wp\/wp-content\/uploads\/2020\/01\/51BB0743-523E-48F6-A20E-3CB7DC3FCB27-2048x1536.jpg 2048w\" sizes=\"auto, (max-width: 1024px) 100vw, 1024px\" \/><img loading=\"lazy\" decoding=\"async\" class=\"size-medium wp-image-48 alignright\" src=\"https:\/\/calamarti.es\/wp\/wp-content\/uploads\/2017\/05\/IMG_2681-300x225.jpg\" alt=\"\" width=\"300\" height=\"225\" srcset=\"https:\/\/calamarti.es\/wp\/wp-content\/uploads\/2017\/05\/IMG_2681-300x225.jpg 300w, https:\/\/calamarti.es\/wp\/wp-content\/uploads\/2017\/05\/IMG_2681-768x576.jpg 768w, https:\/\/calamarti.es\/wp\/wp-content\/uploads\/2017\/05\/IMG_2681-1024x768.jpg 1024w, https:\/\/calamarti.es\/wp\/wp-content\/uploads\/2017\/05\/IMG_2681-1600x1200.jpg 1600w, https:\/\/calamarti.es\/wp\/wp-content\/uploads\/2017\/05\/IMG_2681-780x585.jpg 780w\" sizes=\"auto, (max-width: 300px) 100vw, 300px\" \/><\/p>\n<p>&#8211; Habitaci\u00f3n de servicio con lavadora, fregadero, tendedero, plancha y tabla de planchar.<\/p>\n<p><img loading=\"lazy\" decoding=\"async\" class=\"alignnone size-medium wp-image-218\" src=\"https:\/\/calamarti.es\/wp\/wp-content\/uploads\/2018\/03\/Lavadero-1024x907.jpg\" alt=\"\" width=\"1024\" height=\"907\" srcset=\"https:\/\/calamarti.es\/wp\/wp-content\/uploads\/2018\/03\/Lavadero-1024x907.jpg 1024w, https:\/\/calamarti.es\/wp\/wp-content\/uploads\/2018\/03\/Lavadero-768x681.jpg 768w, https:\/\/calamarti.es\/wp\/wp-content\/uploads\/2018\/03\/Lavadero.jpg 1984w\" sizes=\"auto, (max-width: 1024px) 100vw, 1024px\" \/><\/p>\n<p>En la <strong>PRIMERA PLANTA<\/strong> encontramos:<\/p>\n<p>Loft con cama de matrimonio de 150, vestidor independiente, ba\u00f1o completo, zona de estar y lectura, tranquila y acogedora, muy amplia, con terraza privada.<\/p>\n<p><img loading=\"lazy\" decoding=\"async\" class=\"alignnone size-medium wp-image-213\" src=\"https:\/\/calamarti.es\/wp\/wp-content\/uploads\/2018\/03\/Hab_3_2-1024x768.jpg\" alt=\"\" width=\"1024\" height=\"768\" srcset=\"https:\/\/calamarti.es\/wp\/wp-content\/uploads\/2018\/03\/Hab_3_2-1024x768.jpg 1024w, https:\/\/calamarti.es\/wp\/wp-content\/uploads\/2018\/03\/Hab_3_2-768x576.jpg 768w\" sizes=\"auto, (max-width: 1024px) 100vw, 1024px\" \/><\/p>\n<p><img loading=\"lazy\" decoding=\"async\" class=\"alignnone size-medium wp-image-214\" src=\"https:\/\/calamarti.es\/wp\/wp-content\/uploads\/2018\/03\/Hab_3_3-1024x908.jpg\" alt=\"\" width=\"1024\" height=\"908\" srcset=\"https:\/\/calamarti.es\/wp\/wp-content\/uploads\/2018\/03\/Hab_3_3-1024x908.jpg 1024w, https:\/\/calamarti.es\/wp\/wp-content\/uploads\/2018\/03\/Hab_3_3-768x681.jpg 768w\" sizes=\"auto, (max-width: 1024px) 100vw, 1024px\" \/><\/p>\n<p>Cuarto de ba\u00f1o planta alta &#8211; aseo , cabina ducha , Un lavabo<\/p>\n<p><img loading=\"lazy\" decoding=\"async\" class=\"alignnone size-medium wp-image-196\" src=\"https:\/\/calamarti.es\/wp\/wp-content\/uploads\/2018\/03\/Aseo_2-1024x706.jpg\" alt=\"\" width=\"1024\" height=\"706\" srcset=\"https:\/\/calamarti.es\/wp\/wp-content\/uploads\/2018\/03\/Aseo_2-1024x706.jpg 1024w, https:\/\/calamarti.es\/wp\/wp-content\/uploads\/2018\/03\/Aseo_2-768x529.jpg 768w\" sizes=\"auto, (max-width: 1024px) 100vw, 1024px\" \/><\/p>\n<p>Terraza privada en planta alta.<\/p>\n<p><img loading=\"lazy\" decoding=\"async\" class=\"alignnone size-medium wp-image-410\" src=\"https:\/\/calamarti.es\/wp\/wp-content\/uploads\/2020\/01\/IMG_0922-1024x768.jpeg\" alt=\"\" width=\"1024\" height=\"768\" srcset=\"https:\/\/calamarti.es\/wp\/wp-content\/uploads\/2020\/01\/IMG_0922-1024x768.jpeg 1024w, https:\/\/calamarti.es\/wp\/wp-content\/uploads\/2020\/01\/IMG_0922-768x576.jpeg 768w, https:\/\/calamarti.es\/wp\/wp-content\/uploads\/2020\/01\/IMG_0922-1536x1152.jpeg 1536w, https:\/\/calamarti.es\/wp\/wp-content\/uploads\/2020\/01\/IMG_0922-2048x1536.jpeg 2048w\" sizes=\"auto, (max-width: 1024px) 100vw, 1024px\" \/><\/p>\n<p>Todas las habitaciones disponen de ventana y\/o balc\u00f3n, as\u00ed como de climatizaci\u00f3n.<\/p>\n<p><strong>Los servicios generales que dispone la vivienda son:<\/strong><\/p>\n<p>Aire acondicionado y calefacci\u00f3n, secador de pelo, internet wiffi y ethernet, ropa de cama y toallas, aspirador, tostadora, cafeteras (Nespresso e Italiana), tetera, exprimidor, batidora, microondas, frigor\u00edfico, congelador, lavavajillas y vitrocer\u00e1mica.<\/p>\n<p><strong>Atracciones tur\u00edsticas:<\/strong><\/p>\n<p>En temporada estival hay gran cantidad de eventos festivos en la zona. Concretamente, durante el mes de Julio se celebran en Pedreguer las fiestas patronales en las que se realizan gran cantidad de actos festivos, culturales y taurinos.<\/p>\n<p><img loading=\"lazy\" decoding=\"async\" class=\"alignnone size-medium wp-image-290\" src=\"https:\/\/calamarti.es\/wp\/wp-content\/uploads\/2018\/03\/maxresdefault-1024x576.jpg\" alt=\"\" width=\"1024\" height=\"576\" srcset=\"https:\/\/calamarti.es\/wp\/wp-content\/uploads\/2018\/03\/maxresdefault-1024x576.jpg 1024w, https:\/\/calamarti.es\/wp\/wp-content\/uploads\/2018\/03\/maxresdefault-768x432.jpg 768w, https:\/\/calamarti.es\/wp\/wp-content\/uploads\/2018\/03\/maxresdefault.jpg 1920w\" sizes=\"auto, (max-width: 1024px) 100vw, 1024px\" \/> <img loading=\"lazy\" decoding=\"async\" class=\"wp-image-275 alignleft\" src=\"https:\/\/calamarti.es\/wp\/wp-content\/uploads\/2018\/03\/Corda-Pedreguer-2014-2612.jpg\" alt=\"\" width=\"378\" height=\"280\" srcset=\"https:\/\/calamarti.es\/wp\/wp-content\/uploads\/2018\/03\/Corda-Pedreguer-2014-2612.jpg 900w, https:\/\/calamarti.es\/wp\/wp-content\/uploads\/2018\/03\/Corda-Pedreguer-2014-2612-768x568.jpg 768w\" sizes=\"auto, (max-width: 378px) 100vw, 378px\" \/> <img loading=\"lazy\" decoding=\"async\" class=\"wp-image-269 alignright\" src=\"https:\/\/calamarti.es\/wp\/wp-content\/uploads\/2018\/03\/2753-1024x683.jpg\" alt=\"\" width=\"421\" height=\"280\" srcset=\"https:\/\/calamarti.es\/wp\/wp-content\/uploads\/2018\/03\/2753-1024x683.jpg 1024w, https:\/\/calamarti.es\/wp\/wp-content\/uploads\/2018\/03\/2753-768x512.jpg 768w\" sizes=\"auto, (max-width: 421px) 100vw, 421px\" \/><\/p>\n<p>La ubicaci\u00f3n de la casa permite disfrutar en primera l\u00ednea de muchos de estos actos: encierros de toros, desfiles, danzas populares, exhibiciones, fuegos artificiales, etc. dado que discurren por la misma calle.<\/p>\n<p>Adem\u00e1s, a partir de Junio hasta Septiembre hay gran cantidad festejos en las localidades vecinas.<\/p>\n<p><img loading=\"lazy\" decoding=\"async\" class=\"alignnone wp-image-279\" src=\"https:\/\/calamarti.es\/wp\/wp-content\/uploads\/2018\/03\/images.jpeg\" alt=\"\" width=\"349\" height=\"177\" \/><\/p>\n<p>Durante todo el a\u00f1o en Pedreguer se celebran gran cantidad de eventos culturales: teatro, m\u00fasica,\u00a0conciertos, exposiciones, actividades deportivas, gastron\u00f3micas, etc.<\/p>\n<p><strong>Importante, normas de la casa:<\/strong><\/p>\n<p>&#8211; Capacidad m\u00e1xima: 6 personas y cuna de beb\u00e9 (opcional)<\/p>\n<p>&#8211; Se admiten ni\u00f1os.<\/p>\n<p>&#8211; Se admiten mascotas previa consulta (tasa adicional).<\/p>\n<p>&#8211; S\u00f3lo se permite fumar en el exterior de la casa .<\/p>\n","protected":false},"excerpt":{"rendered":"<p>El alojamiento se caracteriza por su luminosidad, mobiliario sobrio y elegante, sin olvidar la funcionalidad y el confort de los espacios.\u00a0Ya desde la entrada se respira un ambiente acogedor, tanto en su interior como en el gran patio exterior privado.<\/p>\n","protected":false},"author":1,"featured_media":0,"parent":0,"menu_order":0,"comment_status":"closed","ping_status":"closed","template":"","meta":{"footnotes":""},"class_list":["post-142","page","type-page","status-publish","hentry"],"_links":{"self":[{"href":"https:\/\/calamarti.es\/wp\/index.php?rest_route=\/wp\/v2\/pages\/142","targetHints":{"allow":["GET"]}}],"collection":[{"href":"https:\/\/calamarti.es\/wp\/index.php?rest_route=\/wp\/v2\/pages"}],"about":[{"href":"https:\/\/calamarti.es\/wp\/index.php?rest_route=\/wp\/v2\/types\/page"}],"author":[{"embeddable":true,"href":"https:\/\/calamarti.es\/wp\/index.php?rest_route=\/wp\/v2\/users\/1"}],"replies":[{"embeddable":true,"href":"https:\/\/calamarti.es\/wp\/index.php?rest_route=%2Fwp%2Fv2%2Fcomments&post=142"}],"version-history":[{"count":30,"href":"https:\/\/calamarti.es\/wp\/index.php?rest_route=\/wp\/v2\/pages\/142\/revisions"}],"predecessor-version":[{"id":466,"href":"https:\/\/calamarti.es\/wp\/index.php?rest_route=\/wp\/v2\/pages\/142\/revisions\/466"}],"wp:attachment":[{"href":"https:\/\/calamarti.es\/wp\/index.php?rest_route=%2Fwp%2Fv2%2Fmedia&parent=142"}],"curies":[{"name":"wp","href":"https:\/\/api.w.org\/{rel}","templated":true}]}}